{"id":4837,"date":"2023-10-22T14:15:32","date_gmt":"2023-10-22T14:15:32","guid":{"rendered":"https:\/\/www.krajinatvojiduse.cz\/konference\/"},"modified":"2025-05-03T17:41:43","modified_gmt":"2025-05-03T17:41:43","slug":"conference","status":"publish","type":"page","link":"https:\/\/www.krajinatvojiduse.cz\/en\/conference\/","title":{"rendered":"Conference"},"content":{"rendered":"<p><img decoding=\"async\" src=\"\/wp-content\/uploads\/hero-shape-01.svg\" alt=\"\"><\/p>\n<div>Conference<\/div>\n<h1>Czech conference on Mindfulness<\/h1>\n<div>\n<p>Prague a Online live stream 19. \u0159\u00edjna 2024<\/p>\n<\/div>\n<div>\n<p>Place: Opero.cz, Time: 08:45 &#8211; 16:35<\/p>\n<\/div>\n<p><p>\n        <a href=\"https:\/\/www.czechmindfulness.com\/\">Buy tickets<\/a>\n    <\/p>\n<\/p>\n<p><img decoding=\"async\" src=\"\/wp-content\/uploads\/hero-shape-02.svg\" alt=\"\"><br \/>\n<iframe src=\"https:\/\/www.youtube.com\/watch?v=QpcvL0Xgx6g\"><\/iframe><\/p>\n<h1><span>CZECH CONFERENCE ON MINDFULNESS 2024<\/span><\/h1>\n<p><iframe src=\"https:\/\/www.youtube.com\/watch?v=rAhRbVtGmd4&#038;t=987s\"><\/iframe><\/p>\n<h1><span>PHDR. JAN BENDA, PH.D. &#8211; Mindfulness and Authentic Being<\/span><\/h1>\n<p><iframe src=\"https:\/\/www.youtube.com\/watch?v=A5AKxmX7N9Q&#038;t=202s\"><\/iframe><\/p>\n<h1><span>MD. RASTISLAV \u0160UMEC, PH.D. &#8211; Predictive brain or the world as a controlled hallucination<\/span><\/h1>\n<p><iframe src=\"https:\/\/www.youtube.com\/watch?v=ZBykMQ1yGdM&#038;t=1004s\"><\/iframe><\/p>\n<h1><span>DOC. MIROSLAV SV\u011aTL\u00c1K, PH.D. How much is enough for enlightenment: hopes and challenges with eHealth<\/span><\/h1>\n<p><iframe src=\"https:\/\/www.youtube.com\/watch?v=nV4IxiBbZCU&#038;t=381s\"><\/iframe><\/p>\n<h1>PHDR. ADAM SUCH\u00dd &#8211; Mindfulness and Awareness in Clinical Practice<\/h1>\n<p><iframe src=\"https:\/\/www.youtube.com\/watch?v=OwpHzcOX4AE&#038;t=781s\"><\/iframe><\/p>\n<h1>MD. KRIST\u00ddNA DROZDOV\u00c1, PH.D. &#8211; Inter-worlds of mindfulness: psychotherapy, training and life path<\/h1>\n<p><iframe src=\"https:\/\/www.youtube.com\/watch?v=KJCmdTOjZNU&#038;t=427s\"><\/iframe><\/p>\n<h1><span>MGR. MICHAL DVO\u0158\u00c1K &#8211; Mindfulness Teacher<\/span><\/h1>\n<p><iframe src=\"https:\/\/www.youtube.com\/watch?v=8O-4ao5E1qc&#038;t=789s\"><\/iframe><\/p>\n<h1>MD. MONIKA LEK\u00c1ROV\u00c1, MUDR. JULIE MOTLOV\u00c1, BC. IVONA SEDL\u00c1KOV\u00c1 &#8211; New projects in the field<\/h1>\n<h1>Organizators<\/h1>\n<hr>\n<p><img decoding=\"async\" src=\"\/wp-content\/uploads\/2024\/09\/Snimek-obrazovky-2024-09-17-v-23.42.16.png\" alt=\"\"><br \/>\n<img decoding=\"async\" src=\"\/wp-content\/uploads\/2024\/09\/Snimek-obrazovky-2024-09-14-v-14.53.04.png\" alt=\"\"><\/p>\n<p><!--more--><br \/>\n<!-- {\"type\":\"layout\",\"children\":[{\"type\":\"section\",\"props\":{\"image_position\":\"center-center\",\"padding\":\"small\",\"padding_remove_bottom\":true,\"style\":\"default\",\"title_breakpoint\":\"xl\",\"title_position\":\"top-left\",\"title_rotation\":\"left\",\"vertical_align\":\"\",\"width\":\"expand\"},\"children\":[{\"type\":\"row\",\"children\":[{\"type\":\"column\",\"props\":{\"image_position\":\"center-center\",\"position_sticky_breakpoint\":\"m\",\"vertical_align\":\"middle\",\"width_medium\":\"expand\"},\"children\":[{\"type\":\"image\",\"props\":{\"image\":\"wp-content\\\/uploads\\\/hero-shape-01.svg\",\"image_height\":\"600\",\"image_loading\":true,\"image_svg_color\":\"\",\"image_svg_inline\":false,\"image_width\":\"750\",\"margin\":\"remove-vertical\",\"visibility\":\"l\"}}]},{\"type\":\"column\",\"props\":{\"image_position\":\"center-center\",\"position_sticky_breakpoint\":\"m\",\"vertical_align\":\"middle\",\"width_medium\":\"2-5\"},\"children\":[{\"type\":\"headline\",\"props\":{\"content\":\"Conference\",\"text_align\":\"center\",\"title_color\":\"primary\",\"title_element\":\"div\",\"title_style\":\"h6\"}},{\"type\":\"headline\",\"props\":{\"content\":\"Czech conference on Mindfulness\",\"margin\":\"small\",\"text_align\":\"center\",\"title_element\":\"h1\"}},{\"type\":\"text\",\"props\":{\"block_align\":\"center\",\"column_breakpoint\":\"m\",\"content\":\"\n\n<p>Prague a Online live stream 19. \\u0159\\u00edjna 2024<\\\/p>\",\"margin\":\"default\",\"maxwidth\":\"xlarge\",\"text_align\":\"center\",\"text_style\":\"large\"}},{\"type\":\"text\",\"props\":{\"block_align\":\"center\",\"column_breakpoint\":\"m\",\"content\":\"\n\n<p>Place: Opero.cz, Time: 08:45 - 16:35<\\\/p>\",\"margin\":\"default\",\"maxwidth\":\"xlarge\",\"text_align\":\"center\",\"text_style\":\"large\"}},{\"type\":\"button\",\"props\":{\"grid_column_gap\":\"small\",\"grid_row_gap\":\"small\",\"margin\":\"default\",\"text_align\":\"center\"},\"children\":[{\"type\":\"button_item\",\"props\":{\"button_style\":\"secondary\",\"content\":\"Buy tickets\",\"dialog_layout\":\"modal\",\"dialog_offcanvas_flip\":true,\"icon_align\":\"left\",\"link\":\"https:\\\/\\\/www.czechmindfulness.com\\\/\"}}]}]},{\"type\":\"column\",\"props\":{\"image_position\":\"center-center\",\"position_sticky_breakpoint\":\"m\",\"vertical_align\":\"middle\",\"width_medium\":\"expand\"},\"children\":[{\"type\":\"image\",\"props\":{\"image\":\"wp-content\\\/uploads\\\/hero-shape-02.svg\",\"image_height\":\"600\",\"image_loading\":true,\"image_svg_color\":\"\",\"image_svg_inline\":false,\"image_width\":\"750\",\"margin\":\"default\",\"text_align\":\"right\",\"visibility\":\"l\"}}]}],\"props\":{\"layout\":\"1-3,1-3,1-3\"}}],\"name\":\"Hero\"},{\"type\":\"section\",\"props\":{\"image_position\":\"center-center\",\"style\":\"default\",\"title_breakpoint\":\"xl\",\"title_position\":\"top-left\",\"title_rotation\":\"left\",\"vertical_align\":\"middle\",\"width\":\"default\"},\"children\":[{\"type\":\"row\",\"props\":{\"layout\":\"1-2,1-2\"},\"children\":[{\"type\":\"column\",\"props\":{\"image_position\":\"center-center\",\"position_sticky_breakpoint\":\"m\",\"width_medium\":\"1-2\"},\"children\":[{\"name\":\"Video Box Decoration Floating Shadow\",\"type\":\"video\",\"props\":{\"margin\":\"default\",\"video\":\"https:\\\/\\\/www.youtube.com\\\/watch?v=QpcvL0Xgx6g\",\"video_box_decoration\":\"shadow\",\"video_box_shadow\":\"medium\",\"video_controls\":true,\"video_title\":\"CZECH CONFERENCE ON MINDFULNESS 2024\",\"video_width\":\"750\"}},{\"type\":\"headline\",\"props\":{\"content\":\"<span>CZECH CONFERENCE ON MINDFULNESS 2024<\\\/span>\",\"title_color\":\"emphasis\",\"title_decoration\":\"bullet\",\"title_element\":\"h1\",\"title_font_family\":\"tertiary\",\"title_style\":\"h3\"}}]},{\"type\":\"column\",\"props\":{\"image_position\":\"center-center\",\"position_sticky_breakpoint\":\"m\",\"width_medium\":\"1-2\"},\"children\":[{\"name\":\"Video Box Decoration Floating Shadow\",\"type\":\"video\",\"props\":{\"margin\":\"default\",\"video\":\"https:\\\/\\\/www.youtube.com\\\/watch?v=rAhRbVtGmd4&t=987s\",\"video_box_decoration\":\"shadow\",\"video_controls\":true,\"video_width\":\"750\"}},{\"type\":\"headline\",\"props\":{\"content\":\"<span>PHDR. JAN BENDA, PH.D. - Mindfulness and Authentic Being<\\\/span>\",\"title_color\":\"emphasis\",\"title_decoration\":\"bullet\",\"title_element\":\"h1\",\"title_font_family\":\"tertiary\",\"title_style\":\"h3\"}}]}]},{\"type\":\"row\",\"props\":{\"layout\":\"1-2,1-2\"},\"children\":[{\"type\":\"column\",\"props\":{\"image_position\":\"center-center\",\"position_sticky_breakpoint\":\"m\",\"width_medium\":\"1-2\"},\"children\":[{\"name\":\"Video Box Decoration Floating Shadow\",\"type\":\"video\",\"props\":{\"margin\":\"default\",\"video\":\"https:\\\/\\\/www.youtube.com\\\/watch?v=A5AKxmX7N9Q&t=202s\",\"video_box_decoration\":\"shadow\",\"video_controls\":true,\"video_width\":\"750\"}},{\"type\":\"headline\",\"props\":{\"content\":\"<span>MD. RASTISLAV \\u0160UMEC, PH.D. - Predictive brain or the world as a controlled hallucination<\\\/span>\",\"title_color\":\"emphasis\",\"title_decoration\":\"bullet\",\"title_element\":\"h1\",\"title_font_family\":\"tertiary\",\"title_style\":\"h3\"}}]},{\"type\":\"column\",\"props\":{\"image_position\":\"center-center\",\"position_sticky_breakpoint\":\"m\",\"width_medium\":\"1-2\"},\"children\":[{\"name\":\"Video Box Decoration Floating Shadow\",\"type\":\"video\",\"props\":{\"margin\":\"default\",\"video\":\"https:\\\/\\\/www.youtube.com\\\/watch?v=ZBykMQ1yGdM&t=1004s\",\"video_box_decoration\":\"shadow\",\"video_controls\":true,\"video_width\":\"750\"}},{\"type\":\"headline\",\"props\":{\"content\":\"<span>DOC. MIROSLAV SV\\u011aTL\\u00c1K, PH.D. How much is enough for enlightenment: hopes and challenges with eHealth<\\\/span>\",\"title_color\":\"emphasis\",\"title_decoration\":\"bullet\",\"title_element\":\"h1\",\"title_font_family\":\"tertiary\",\"title_style\":\"h3\"}}]}]},{\"type\":\"row\",\"props\":{\"layout\":\"1-2,1-2\"},\"children\":[{\"type\":\"column\",\"props\":{\"image_position\":\"center-center\",\"position_sticky_breakpoint\":\"m\",\"width_medium\":\"1-2\"},\"children\":[{\"name\":\"Video Box Decoration Floating Shadow\",\"type\":\"video\",\"props\":{\"margin\":\"default\",\"video\":\"https:\\\/\\\/www.youtube.com\\\/watch?v=nV4IxiBbZCU&t=381s\",\"video_box_decoration\":\"shadow\",\"video_controls\":true,\"video_width\":\"750\"}},{\"type\":\"headline\",\"props\":{\"content\":\"PHDR. ADAM SUCH\\u00dd - Mindfulness and Awareness in Clinical Practice\",\"title_color\":\"emphasis\",\"title_decoration\":\"bullet\",\"title_element\":\"h1\",\"title_font_family\":\"tertiary\",\"title_style\":\"h3\"}}]},{\"type\":\"column\",\"props\":{\"image_position\":\"center-center\",\"position_sticky_breakpoint\":\"m\",\"width_medium\":\"1-2\"},\"children\":[{\"name\":\"Video Box Decoration Floating Shadow\",\"type\":\"video\",\"props\":{\"margin\":\"default\",\"video\":\"https:\\\/\\\/www.youtube.com\\\/watch?v=OwpHzcOX4AE&t=781s\",\"video_box_decoration\":\"shadow\",\"video_controls\":true,\"video_width\":\"750\"}},{\"type\":\"headline\",\"props\":{\"content\":\"MD. KRIST\\u00ddNA DROZDOV\\u00c1, PH.D. - Inter-worlds of mindfulness: psychotherapy, training and life path\",\"title_color\":\"emphasis\",\"title_decoration\":\"bullet\",\"title_element\":\"h1\",\"title_font_family\":\"tertiary\",\"title_style\":\"h3\"}}]}]},{\"type\":\"row\",\"props\":{\"layout\":\"1-2,1-2\"},\"children\":[{\"type\":\"column\",\"props\":{\"image_position\":\"center-center\",\"position_sticky_breakpoint\":\"m\",\"width_medium\":\"1-2\"},\"children\":[{\"name\":\"Video Box Decoration Floating Shadow\",\"type\":\"video\",\"props\":{\"margin\":\"default\",\"video\":\"https:\\\/\\\/www.youtube.com\\\/watch?v=KJCmdTOjZNU&t=427s\",\"video_box_decoration\":\"shadow\",\"video_controls\":true,\"video_width\":\"750\"}},{\"type\":\"headline\",\"props\":{\"content\":\"<span>MGR. MICHAL DVO\\u0158\\u00c1K - Mindfulness Teacher<\\\/span>\",\"title_color\":\"emphasis\",\"title_decoration\":\"bullet\",\"title_element\":\"h1\",\"title_font_family\":\"tertiary\",\"title_style\":\"h3\"}}]},{\"type\":\"column\",\"props\":{\"image_position\":\"center-center\",\"position_sticky_breakpoint\":\"m\",\"width_medium\":\"1-2\"},\"children\":[{\"name\":\"Video Box Decoration Floating Shadow\",\"type\":\"video\",\"props\":{\"margin\":\"default\",\"video\":\"https:\\\/\\\/www.youtube.com\\\/watch?v=8O-4ao5E1qc&t=789s\",\"video_box_decoration\":\"shadow\",\"video_controls\":true,\"video_width\":\"750\"}},{\"type\":\"headline\",\"props\":{\"content\":\"MD. MONIKA LEK\\u00c1ROV\\u00c1, MUDR. JULIE MOTLOV\\u00c1, BC. IVONA SEDL\\u00c1KOV\\u00c1 - New projects in the field\",\"title_color\":\"emphasis\",\"title_decoration\":\"bullet\",\"title_element\":\"h1\",\"title_font_family\":\"tertiary\",\"title_style\":\"h3\"}}]}]}],\"name\":\"Videos_conference\"},{\"type\":\"section\",\"props\":{\"image_position\":\"center-center\",\"style\":\"default\",\"title_breakpoint\":\"xl\",\"title_position\":\"top-left\",\"title_rotation\":\"left\",\"vertical_align\":\"middle\",\"width\":\"default\"},\"children\":[{\"type\":\"row\",\"children\":[{\"type\":\"column\",\"props\":{\"image_position\":\"center-center\",\"position_sticky_breakpoint\":\"m\"},\"children\":[{\"type\":\"headline\",\"props\":{\"content\":\"Organizators\",\"text_align\":\"center\",\"title_element\":\"h1\"}},{\"type\":\"divider\",\"props\":{\"divider_element\":\"hr\"}},{\"type\":\"image\",\"props\":{\"image\":\"wp-content\\\/uploads\\\/2024\\\/09\\\/Snimek-obrazovky-2024-09-17-v-23.42.16.png\",\"image_svg_color\":\"emphasis\",\"margin\":\"default\"}},{\"type\":\"image\",\"props\":{\"image\":\"wp-content\\\/uploads\\\/2024\\\/09\\\/Snimek-obrazovky-2024-09-14-v-14.53.04.png\",\"image_svg_color\":\"emphasis\",\"margin\":\"default\"}}]}]}]},{\"type\":\"section\",\"props\":{\"image_position\":\"center-center\",\"style\":\"default\",\"title_breakpoint\":\"xl\",\"title_position\":\"top-left\",\"title_rotation\":\"left\",\"vertical_align\":\"middle\",\"width\":\"default\"},\"children\":[{\"type\":\"row\",\"children\":[{\"type\":\"column\",\"props\":{\"image_position\":\"center-center\",\"position_sticky_breakpoint\":\"m\"}}]}]}],\"version\":\"4.5.4\"} --><\/p>\n","protected":false},"excerpt":{"rendered":"<p>Conference Czech conference on Mindfulness Prague a Online live stream 19. \u0159\u00edjna 2024 Place: Opero.cz, Time: 08:45 &#8211; 16:35 Buy tickets CZECH CONFERENCE ON MINDFULNESS 2024 PHDR. JAN BENDA, PH.D. &#8211; Mindfulness and Authentic Being MD. RASTISLAV \u0160UMEC, PH.D. &#8211; Predictive brain or the world as a controlled hallucination DOC. MIROSLAV SV\u011aTL\u00c1K, PH.D. How much [&hellip;]<\/p>\n","protected":false},"author":1,"featured_media":0,"parent":0,"menu_order":0,"comment_status":"closed","ping_status":"closed","template":"","meta":{"footnotes":""},"class_list":["post-4837","page","type-page","status-publish","hentry"],"_links":{"self":[{"href":"https:\/\/www.krajinatvojiduse.cz\/en\/wp-json\/wp\/v2\/pages\/4837","targetHints":{"allow":["GET"]}}],"collection":[{"href":"https:\/\/www.krajinatvojiduse.cz\/en\/wp-json\/wp\/v2\/pages"}],"about":[{"href":"https:\/\/www.krajinatvojiduse.cz\/en\/wp-json\/wp\/v2\/types\/page"}],"author":[{"embeddable":true,"href":"https:\/\/www.krajinatvojiduse.cz\/en\/wp-json\/wp\/v2\/users\/1"}],"replies":[{"embeddable":true,"href":"https:\/\/www.krajinatvojiduse.cz\/en\/wp-json\/wp\/v2\/comments?post=4837"}],"version-history":[{"count":6,"href":"https:\/\/www.krajinatvojiduse.cz\/en\/wp-json\/wp\/v2\/pages\/4837\/revisions"}],"predecessor-version":[{"id":6228,"href":"https:\/\/www.krajinatvojiduse.cz\/en\/wp-json\/wp\/v2\/pages\/4837\/revisions\/6228"}],"wp:attachment":[{"href":"https:\/\/www.krajinatvojiduse.cz\/en\/wp-json\/wp\/v2\/media?parent=4837"}],"curies":[{"name":"wp","href":"https:\/\/api.w.org\/{rel}","templated":true}]}}